{"id":868,"date":"2025-01-27T15:11:56","date_gmt":"2025-01-27T15:11:56","guid":{"rendered":"https:\/\/www.lelapin.com\/Mantovanyao\/?page_id=868"},"modified":"2025-02-20T15:54:56","modified_gmt":"2025-02-20T15:54:56","slug":"a-propos","status":"publish","type":"page","link":"https:\/\/www.lelapin.com\/Mantovanyao\/a-propos\/","title":{"rendered":"A propos"},"content":{"rendered":"<div class=\"wpb-content-wrapper\"><p>[vc_row row_height_percent=\u00a0\u00bb0&Prime; override_padding=\u00a0\u00bbyes\u00a0\u00bb h_padding=\u00a0\u00bb2&Prime; top_padding=\u00a0\u00bb3&Prime; bottom_padding=\u00a0\u00bb2&Prime; back_color=\u00a0\u00bbcolor-xsdn\u00a0\u00bb overlay_alpha=\u00a0\u00bb50&Prime; gutter_size=\u00a0\u00bb4&Prime; column_width_percent=\u00a0\u00bb100&Prime; shift_y=\u00a0\u00bb0&Prime; z_index=\u00a0\u00bb0&Prime; content_parallax=\u00a0\u00bb0&Prime; uncode_shortcode_id=\u00a0\u00bb568387&Prime; back_color_type=\u00a0\u00bbuncode-palette\u00a0\u00bb][vc_column column_width_percent=\u00a0\u00bb100&Prime; gutter_size=\u00a0\u00bb4&Prime; overlay_alpha=\u00a0\u00bb50&Prime; shift_x=\u00a0\u00bb0&Prime; shift_y=\u00a0\u00bb0&Prime; shift_y_down=\u00a0\u00bb0&Prime; z_index=\u00a0\u00bb0&Prime; medium_width=\u00a0\u00bb0&Prime; mobile_width=\u00a0\u00bb0&Prime; width=\u00a0\u00bb10\/12&Prime; uncode_shortcode_id=\u00a0\u00bb282022&Prime;][vc_custom_heading heading_semantic=\u00a0\u00bbh1&Prime; text_font=\u00a0\u00bbfont-378728&Prime; text_size=\u00a0\u00bbcustom\u00a0\u00bb text_weight=\u00a0\u00bb100&Prime; text_transform=\u00a0\u00bbcapitalize\u00a0\u00bb uncode_shortcode_id=\u00a0\u00bb326212&Prime; heading_custom_size=\u00a0\u00bb40&Prime;]Une d\u00e9marche artistique entre militantisme et po\u00e9sie[\/vc_custom_heading][\/vc_column][\/vc_row][vc_row unlock_row_content=\u00a0\u00bbyes\u00a0\u00bb row_height_percent=\u00a0\u00bb0&Prime; override_padding=\u00a0\u00bbyes\u00a0\u00bb h_padding=\u00a0\u00bb3&Prime; top_padding=\u00a0\u00bb3&Prime; bottom_padding=\u00a0\u00bb3&Prime; overlay_alpha=\u00a0\u00bb50&Prime; gutter_size=\u00a0\u00bb4&Prime; column_width_percent=\u00a0\u00bb100&Prime; shift_y=\u00a0\u00bb0&Prime; z_index=\u00a0\u00bb0&Prime; enable_top_divider=\u00a0\u00bbdefault\u00a0\u00bb top_divider=\u00a0\u00bbstep_2_3&Prime; shape_top_flip=\u00a0\u00bbyes\u00a0\u00bb shape_top_h_use_pixel=\u00a0\u00bbtrue\u00a0\u00bb shape_top_height_percent=\u00a0\u00bb100&Prime; shape_top_color=\u00a0\u00bbcolor-lxmt\u00a0\u00bb shape_top_opacity=\u00a0\u00bb100&Prime; shape_top_index=\u00a0\u00bb0&Prime; content_parallax=\u00a0\u00bb0&Prime; uncode_shortcode_id=\u00a0\u00bb122618&Prime; shape_top_color_type=\u00a0\u00bbuncode-palette\u00a0\u00bb][vc_column column_width_percent=\u00a0\u00bb100&Prime; position_vertical=\u00a0\u00bbmiddle\u00a0\u00bb gutter_size=\u00a0\u00bb3&Prime; overlay_alpha=\u00a0\u00bb50&Prime; shift_x=\u00a0\u00bb0&Prime; shift_y=\u00a0\u00bb0&Prime; shift_y_down=\u00a0\u00bb0&Prime; z_index=\u00a0\u00bb0&Prime; medium_width=\u00a0\u00bb5&Prime; mobile_width=\u00a0\u00bb0&Prime; parallax_intensity=\u00a0\u00bb2&Prime; parallax_centered=\u00a0\u00bbyes\u00a0\u00bb width=\u00a0\u00bb7\/12&Prime; uncode_shortcode_id=\u00a0\u00bb624058&Prime;][vc_single_image media=\u00a0\u00bb591&Prime; media_width_percent=\u00a0\u00bb100&Prime; media_ratio=\u00a0\u00bbone-one\u00a0\u00bb uncode_shortcode_id=\u00a0\u00bb827147&Prime;][\/vc_column][vc_column column_width_percent=\u00a0\u00bb100&Prime; position_vertical=\u00a0\u00bbmiddle\u00a0\u00bb gutter_size=\u00a0\u00bb3&Prime; overlay_alpha=\u00a0\u00bb50&Prime; shift_x=\u00a0\u00bb0&Prime; shift_y=\u00a0\u00bb0&Prime; shift_y_down=\u00a0\u00bb0&Prime; z_index=\u00a0\u00bb0&Prime; medium_width=\u00a0\u00bb3&Prime; mobile_width=\u00a0\u00bb0&Prime; parallax_intensity=\u00a0\u00bb5&Prime; width=\u00a0\u00bb5\/12&Prime; uncode_shortcode_id=\u00a0\u00bb173231&Prime;][vc_row_inner row_inner_height_percent=\u00a0\u00bb0&Prime; overlay_alpha=\u00a0\u00bb50&Prime; equal_height=\u00a0\u00bbyes\u00a0\u00bb gutter_size=\u00a0\u00bb0&Prime; shift_y=\u00a0\u00bb0&Prime; z_index=\u00a0\u00bb0&Prime; uncode_shortcode_id=\u00a0\u00bb625964&Prime; limit_content=\u00a0\u00bb\u00a0\u00bb][vc_column_inner column_width_percent=\u00a0\u00bb100&Prime; gutter_size=\u00a0\u00bb3&Prime; override_padding=\u00a0\u00bbyes\u00a0\u00bb column_padding=\u00a0\u00bb3&Prime; style=\u00a0\u00bbdark\u00a0\u00bb back_color=\u00a0\u00bbcolor-496749&Prime; overlay_alpha=\u00a0\u00bb50&Prime; shift_x=\u00a0\u00bb0&Prime; shift_y=\u00a0\u00bb0&Prime; shift_y_down=\u00a0\u00bb0&Prime; z_index=\u00a0\u00bb0&Prime; medium_width=\u00a0\u00bb0&Prime; mobile_width=\u00a0\u00bb0&Prime; width=\u00a0\u00bb1\/1&Prime; uncode_shortcode_id=\u00a0\u00bb842965&Prime; back_color_type=\u00a0\u00bbuncode-palette\u00a0\u00bb][vc_custom_heading text_color=\u00a0\u00bbcolor-wayh\u00a0\u00bb text_font=\u00a0\u00bbfont-378728&Prime; text_size=\u00a0\u00bbcustom\u00a0\u00bb text_weight=\u00a0\u00bb400&Prime; separator_color=\u00a0\u00bbyes\u00a0\u00bb separator=\u00a0\u00bbyes\u00a0\u00bb uncode_shortcode_id=\u00a0\u00bb132504&Prime; heading_custom_size=\u00a0\u00bbclamp(30px, 4vw, 35px)\u00a0\u00bb text_color_type=\u00a0\u00bbuncode-palette\u00a0\u00bb]Expositions \u00e0 venir[\/vc_custom_heading][vc_custom_heading text_color=\u00a0\u00bbcolor-jevc\u00a0\u00bb text_size=\u00a0\u00bbcustom\u00a0\u00bb text_weight=\u00a0\u00bb400&Prime; uncode_shortcode_id=\u00a0\u00bb138874&Prime; heading_custom_size=\u00a0\u00bbclamp(28px, 3vw, 28px)\u00a0\u00bb text_color_type=\u00a0\u00bbuncode-palette\u00a0\u00bb]<\/p>\n<ul>\n<li style=\"list-style-type: none;\">\n<ul>\n<li><a href=\"https:\/\/jeudepaume.org\/evenement\/festival-du-jeu-de-paume-paysages-mouvants\/\">Jeu de Paume<\/a> , Paris , 8 f\u00e9vrier \/ 23 Mars 2025<\/li>\n<li><a href=\"https:\/\/www.agnesb.com\/fr-eu\/montpellier\/storeF89.html\">Galerie Agn\u00e8s B,<\/a> Montpellier, 23 Juin \/ 23 Septembre 2025<\/li>\n<\/ul>\n<\/li>\n<\/ul>\n<p>[\/vc_custom_heading][\/vc_column_inner][\/vc_row_inner][\/vc_column][\/vc_row][vc_row row_height_percent=\u00a0\u00bb0&Prime; override_padding=\u00a0\u00bbyes\u00a0\u00bb h_padding=\u00a0\u00bb0&Prime; top_padding=\u00a0\u00bb0&Prime; bottom_padding=\u00a0\u00bb0&Prime; overlay_alpha=\u00a0\u00bb50&Prime; gutter_size=\u00a0\u00bb3&Prime; column_width_percent=\u00a0\u00bb100&Prime; shift_y=\u00a0\u00bb0&Prime; z_index=\u00a0\u00bb1&Prime; uncode_shortcode_id=\u00a0\u00bb203486&Prime; el_class=\u00a0\u00bbpp-odd\u00a0\u00bb][vc_column column_width_percent=\u00a0\u00bb100&Prime; gutter_size=\u00a0\u00bb3&Prime; override_padding=\u00a0\u00bbyes\u00a0\u00bb column_padding=\u00a0\u00bb0&Prime; back_color=\u00a0\u00bbcolor-xsdn\u00a0\u00bb overlay_alpha=\u00a0\u00bb50&Prime; radius=\u00a0\u00bbhg\u00a0\u00bb shadow=\u00a0\u00bbstd\u00a0\u00bb shift_x=\u00a0\u00bb0&Prime; shift_y=\u00a0\u00bb0&Prime; shift_y_down=\u00a0\u00bb0&Prime; z_index=\u00a0\u00bb0&Prime; medium_width=\u00a0\u00bb0&Prime; mobile_width=\u00a0\u00bb0&Prime; width=\u00a0\u00bb1\/1&Prime; uncode_shortcode_id=\u00a0\u00bb211982&Prime; back_color_type=\u00a0\u00bbuncode-palette\u00a0\u00bb el_class=\u00a0\u00bboverflow-hidden-uncell\u00a0\u00bb][\/vc_column][\/vc_row][vc_row row_height_percent=\u00a0\u00bb0&Prime; override_padding=\u00a0\u00bbyes\u00a0\u00bb h_padding=\u00a0\u00bb2&Prime; top_padding=\u00a0\u00bb3&Prime; bottom_padding=\u00a0\u00bb3&Prime; overlay_alpha=\u00a0\u00bb50&Prime; gutter_size=\u00a0\u00bb4&Prime; column_width_percent=\u00a0\u00bb100&Prime; shift_y=\u00a0\u00bb0&Prime; z_index=\u00a0\u00bb0&Prime;][vc_column column_width_percent=\u00a0\u00bb100&Prime; gutter_size=\u00a0\u00bb3&Prime; overlay_alpha=\u00a0\u00bb50&Prime; shift_x=\u00a0\u00bb0&Prime; shift_y=\u00a0\u00bb0&Prime; shift_y_down=\u00a0\u00bb0&Prime; z_index=\u00a0\u00bb0&Prime; medium_width=\u00a0\u00bb0&Prime; mobile_width=\u00a0\u00bb0&Prime; width=\u00a0\u00bb1\/1&Prime; uncode_shortcode_id=\u00a0\u00bb641947&Prime;][vc_column_text text_lead=\u00a0\u00bbyes\u00a0\u00bb uncode_shortcode_id=\u00a0\u00bb199656&Prime;]<em>N\u00e9e en 1985, photographe et artiste visuelle engag\u00e9e<br \/>\n<\/em><br \/>\nIssue d\u2019une formation en g\u00e9ographie, Andrea Olga Mantovani explore depuis plusieurs ann\u00e9es les liens entre paysages, m\u00e9moire et enjeux \u00e9cologiques. Pendant six ans, elle parcourt le globe interrogeant les relations entre l\u2019humain et son environnement \u00e0 travers une approche documentaire et artistique.[\/vc_column_text][vc_custom_heading text_size=\u00a0\u00bbh3&Prime; text_weight=\u00a0\u00bb400&Prime; uncode_shortcode_id=\u00a0\u00bb126267&Prime;]Un regard entre po\u00e9sie et engagement[\/vc_custom_heading][vc_column_text text_lead=\u00a0\u00bbyes\u00a0\u00bb uncode_shortcode_id=\u00a0\u00bb731458&Prime;]Son travail photographique s\u2019inscrit \u00e0 la crois\u00e9e de l\u2019art et du militantisme. Elle capture la force des milieux naturels menac\u00e9s tout en les inscrivant dans une dimension sensible et onirique, o\u00f9 la r\u00e9alit\u00e9 dialogue avec l\u2019imaginaire. Inspir\u00e9e par les mythes et les contes, elle construit des images qui r\u00e9v\u00e8lent la beaut\u00e9 fragile du vivant et la complexit\u00e9 des crises environnementales actuelles.<\/p>\n<p>En 2022, elle publie <em>S\u2019enforester<\/em> (\u00c9ditions d\u2019Une Rive \u00e0 l\u2019Autre) aux c\u00f4t\u00e9s de l\u2019auteur Baptiste Morizot, un conte po\u00e9tique et politique consacr\u00e9 aux for\u00eats primaires europ\u00e9ennes, notamment celle de Bia\u0142owie\u017ca. Ce livre, \u00e0 la fois ode et manifeste, marque une \u00e9tape cl\u00e9 dans son exploration des<br \/>\nterritoires forestiers. Son travail se poursuit aujourd\u2019hui avec une recherche approfondie sur le massif des Carpates, soutenue par la Commission Nationale des Arts Plastiques, ainsi qu\u2019un nouveau cycle photographique d\u00e9di\u00e9 \u00e0 la M\u00e9diterran\u00e9e.[\/vc_column_text][vc_custom_heading text_size=\u00a0\u00bbh3&Prime; text_weight=\u00a0\u00bb400&Prime; uncode_shortcode_id=\u00a0\u00bb461705&Prime;]Presse et collaborations internationales[\/vc_custom_heading][vc_column_text text_lead=\u00a0\u00bbyes\u00a0\u00bb uncode_shortcode_id=\u00a0\u00bb241984&Prime;]Photographe r\u00e9guli\u00e8re pour <em>The New York Times<\/em>, Andrea Olga Mantovani collabore \u00e9galement avec des m\u00e9dias de premier plan tels que <em>El Pais, Geo, Le Monde, Lib\u00e9ration, L\u2019Obs, Elle<\/em>. Son engagement pour la pr\u00e9servation de la nature l\u2019am\u00e8ne \u00e0 travailler r\u00e9guli\u00e8rement avec Greenpeace.[\/vc_column_text][\/vc_column][\/vc_row][vc_row row_height_percent=\u00a0\u00bb0&Prime; override_padding=\u00a0\u00bbyes\u00a0\u00bb h_padding=\u00a0\u00bb2&Prime; top_padding=\u00a0\u00bb1&Prime; bottom_padding=\u00a0\u00bb2&Prime; overlay_alpha=\u00a0\u00bb50&Prime; gutter_size=\u00a0\u00bb4&Prime; column_width_percent=\u00a0\u00bb100&Prime; shift_y=\u00a0\u00bb0&Prime; z_index=\u00a0\u00bb0&Prime; enable_top_divider=\u00a0\u00bbdefault\u00a0\u00bb top_divider=\u00a0\u00bbstep_2_3&Prime; shape_top_h_use_pixel=\u00a0\u00bbtrue\u00a0\u00bb shape_top_height_percent=\u00a0\u00bb100&Prime; shape_top_color=\u00a0\u00bbcolor-lxmt\u00a0\u00bb shape_top_opacity=\u00a0\u00bb100&Prime; shape_top_index=\u00a0\u00bb0&Prime; content_parallax=\u00a0\u00bb0&Prime; uncode_shortcode_id=\u00a0\u00bb705269&Prime; shape_top_color_type=\u00a0\u00bbuncode-palette\u00a0\u00bb][vc_column column_width_percent=\u00a0\u00bb100&Prime; position_vertical=\u00a0\u00bbmiddle\u00a0\u00bb gutter_size=\u00a0\u00bb3&Prime; overlay_alpha=\u00a0\u00bb50&Prime; shift_x=\u00a0\u00bb0&Prime; shift_y=\u00a0\u00bb0&Prime; shift_y_down=\u00a0\u00bb0&Prime; z_index=\u00a0\u00bb0&Prime; medium_width=\u00a0\u00bb0&Prime; mobile_width=\u00a0\u00bb0&Prime; parallax_intensity=\u00a0\u00bb3&Prime; width=\u00a0\u00bb1\/1&Prime; uncode_shortcode_id=\u00a0\u00bb270009&Prime;][vc_custom_heading text_size=\u00a0\u00bbh3&Prime; text_weight=\u00a0\u00bb400&Prime; uncode_shortcode_id=\u00a0\u00bb595439&Prime;]Transmettre une vision[\/vc_custom_heading][vc_column_text text_lead=\u00a0\u00bbyes\u00a0\u00bb uncode_shortcode_id=\u00a0\u00bb109430&Prime;]Convaincue que l\u2019image peut changer les regards, elle dirige des workshops et r\u00e9sidences artistiques, comme Regards sur le Vivant en Belgique, qui a r\u00e9uni 20 photographes dans le Parc National de Charleroi, donnant lieu \u00e0 un livre et une exposition. Elle anime \u00e9galement des ateliers aupr\u00e8s d\u2019universit\u00e9s, d\u2019\u00e9coles et d\u2019institutions culturelles telles que le Th\u00e9\u00e2tre National de Gap et collabore r\u00e9guli\u00e8rement avec des centres d\u2019art et festivals en France et en Europe.[\/vc_column_text][vc_single_image media=\u00a0\u00bb593&Prime; media_width_percent=\u00a0\u00bb100&Prime; media_ratio=\u00a0\u00bbthree-two\u00a0\u00bb uncode_shortcode_id=\u00a0\u00bb112773&Prime;][uncode_vertical_text text_align=\u00a0\u00bbtop\u00a0\u00bb position=\u00a0\u00bbright\u00a0\u00bb flip=\u00a0\u00bbyes\u00a0\u00bb vertical_text_h_pos=\u00a0\u00bb2&Prime; vertical_text_v_pos=\u00a0\u00bb0&Prime; z_index=\u00a0\u00bb0&Prime; uncode_shortcode_id=\u00a0\u00bb271228&Prime;]Le chant du Cygne \u2e3b[\/uncode_vertical_text][\/vc_column][\/vc_row][vc_row row_height_percent=\u00a0\u00bb0&Prime; override_padding=\u00a0\u00bbyes\u00a0\u00bb h_padding=\u00a0\u00bb2&Prime; top_padding=\u00a0\u00bb3&Prime; bottom_padding=\u00a0\u00bb3&Prime; overlay_alpha=\u00a0\u00bb50&Prime; gutter_size=\u00a0\u00bb3&Prime; column_width_percent=\u00a0\u00bb100&Prime; shift_y=\u00a0\u00bb0&Prime; z_index=\u00a0\u00bb0&Prime; content_parallax=\u00a0\u00bb0&Prime; uncode_shortcode_id=\u00a0\u00bb672124&Prime;][vc_column width=\u00a0\u00bb1\/1&Prime;][vc_row_inner row_inner_height_percent=\u00a0\u00bb0&Prime; overlay_alpha=\u00a0\u00bb50&Prime; gutter_size=\u00a0\u00bb4&Prime; shift_y=\u00a0\u00bb0&Prime; z_index=\u00a0\u00bb0&Prime; limit_content=\u00a0\u00bb\u00a0\u00bb][vc_column_inner column_width_percent=\u00a0\u00bb100&Prime; gutter_size=\u00a0\u00bb3&Prime; overlay_alpha=\u00a0\u00bb50&Prime; shift_x=\u00a0\u00bb0&Prime; shift_y=\u00a0\u00bb0&Prime; shift_y_down=\u00a0\u00bb0&Prime; z_index=\u00a0\u00bb0&Prime; medium_width=\u00a0\u00bb0&Prime; mobile_width=\u00a0\u00bb0&Prime; width=\u00a0\u00bb1\/1&Prime; uncode_shortcode_id=\u00a0\u00bb149121&Prime;][vc_custom_heading text_size=\u00a0\u00bbh3&Prime; text_weight=\u00a0\u00bb400&Prime; uncode_shortcode_id=\u00a0\u00bb186368&Prime;]Expositions[\/vc_custom_heading][vc_custom_heading text_size=\u00a0\u00bbh5&Prime; text_weight=\u00a0\u00bb400&Prime; uncode_shortcode_id=\u00a0\u00bb105245&Prime;]2025[\/vc_custom_heading][vc_column_text text_lead=\u00a0\u00bbyes\u00a0\u00bb uncode_shortcode_id=\u00a0\u00bb571614&Prime;]<\/p>\n<ul>\n<li><strong>Festival Paysages Mouvants<\/strong>, Jeu de Paume, Paris 2025<\/li>\n<li><strong>Th\u00e9\u00e2tre National<\/strong> de Gap 2025<\/li>\n<li><strong>Galerie Eph\u00e9m\u00e8re<\/strong>, Villeneuve-l\u00e8s-Maguelone 2025<\/li>\n<li><strong>Th\u00e9\u00e2tre de la Vignette<\/strong>, Montpellier 2025<\/li>\n<\/ul>\n<p>[\/vc_column_text][vc_custom_heading text_size=\u00a0\u00bbh5&Prime; text_weight=\u00a0\u00bb400&Prime; uncode_shortcode_id=\u00a0\u00bb459535&Prime;]2024[\/vc_custom_heading][vc_column_text text_lead=\u00a0\u00bbyes\u00a0\u00bb uncode_shortcode_id=\u00a0\u00bb174756&Prime;]<\/p>\n<ul>\n<li><strong>Agn\u00e8s B Gallery<\/strong>, Montpellier 2024<\/li>\n<li><strong>Neim\u00ebnster<\/strong>, Luxembourg 2024<\/li>\n<li><strong>Les Boutographies<\/strong>, Montpellier 2024<\/li>\n<li><strong>Au Moulin Rouge<\/strong>, Paris 2024<\/li>\n<\/ul>\n<p>[\/vc_column_text][vc_custom_heading text_size=\u00a0\u00bbh5&Prime; text_weight=\u00a0\u00bb400&Prime; uncode_shortcode_id=\u00a0\u00bb504509&Prime;]Expositions pass\u00e9es[\/vc_custom_heading][vc_column_text text_lead=\u00a0\u00bbyes\u00a0\u00bb uncode_shortcode_id=\u00a0\u00bb452631&Prime;]<\/p>\n<ul>\n<li>S\u2019enforester, Le Champs des Impossibles 2022<\/li>\n<li><strong>Fondation Manuel Rivera-Ortiz<\/strong>, Rencontres d\u2019Arles 2020<\/li>\n<li><strong>Maison de l\u2019Image Documentaire<\/strong>, S\u00e8te 2020<\/li>\n<li><strong>Rencontres Photographique Arles,<\/strong> Fondation Manuel Riviera-Ortiz, 2020<\/li>\n<li><strong>Maison Image Documentaire<\/strong>, FRANCE, 2020<\/li>\n<li><strong>Festival Photo LA GACILLY<\/strong> \u00e0 BADEN, AUTRICHE, 2019<\/li>\n<li><strong>Festival Les Femmes<\/strong> s&rsquo;Exposent<strong> PRIX \u201cOBS\u201d<\/strong>, 2019<\/li>\n<li><strong>Festival les Boutographies<\/strong>, MONTPELLIER, 2019<\/li>\n<li><strong>Fisheye Gallery<\/strong>, Paris 2018<\/li>\n<li><strong>Villa Rose<\/strong> \u00a0\u00bb PRISME Humanit\u00e9 Engag\u00e9\u00a0\u00bb, PARIS, 2018<\/li>\n<li><strong>PRIX Focale<\/strong> &#8211; Galerie Focale, SUISSE, 2018<\/li>\n<li>Arles &#8211; <strong>Galerie Fisheye<\/strong>, FRANCE, 2018<\/li>\n<li><strong>Festival la Gacilly<\/strong> &#8211; FRANCE, 2018<\/li>\n<li><strong>ImageSinguli\u00e8res<\/strong> Agora &#8211; FRANCE, 2018<\/li>\n<li>Exposition itin\u00e9rante \u00ab\u00a0La Banda de Musica\u00a0\u00bb- 30 Alliances Fran\u00e7aises &#8211; MEXIQUE, 2018<\/li>\n<li><strong>PHOTODOC<\/strong> &#8211; Paris- FRANCE, 2018<\/li>\n<li><strong>Festival Singularlens,<\/strong> Bordeaux \u00ab Si Kingston m\u2019\u00e9tait compt\u00e9 \u00bb, 2017<\/li>\n<li><strong>Festival Brassage<\/strong>, Bruxelles \u00ab Micchi et les Queens du Kool Hotel \u00bb, 2017<\/li>\n<li><strong>Festival Oeil Urbain<\/strong>, Paris \u00ab Raw Kingston \u00bb, 2017<\/li>\n<li>Exposition Collective au <strong>Salon de la Photographie Documentaire<\/strong>, Paris., 2017<\/li>\n<li><strong>Center Manuel Bravo<\/strong>, Oaxaca, Mexico \u00ab El Castillo de mi alma \u00bb<\/li>\n<li><strong>Galery Prysma,<\/strong> Veracruz, Mexico \u00ab Entre los Ojos \u00bb, 2016<\/li>\n<li><strong>Central Dupon<\/strong>, Paris \u00ab Micchi et les Queens du Kool Hotel \u00bb, 2016<\/li>\n<li><strong>Urban Gallery and Galerie Gachet<\/strong>, Vancouver, Canada \u00ab Vancouver\u2019s Living Room \u00bb, 2016<\/li>\n<\/ul>\n<p>[\/vc_column_text][\/vc_column_inner][\/vc_row_inner][\/vc_column][\/vc_row][vc_row unlock_row_content=\u00a0\u00bbyes\u00a0\u00bb row_height_percent=\u00a0\u00bb0&Prime; override_padding=\u00a0\u00bbyes\u00a0\u00bb h_padding=\u00a0\u00bb0&Prime; top_padding=\u00a0\u00bb0&Prime; bottom_padding=\u00a0\u00bb0&Prime; overlay_alpha=\u00a0\u00bb100&Prime; equal_height=\u00a0\u00bbyes\u00a0\u00bb gutter_size=\u00a0\u00bb0&Prime; shift_y=\u00a0\u00bb0&Prime;][vc_column column_width_percent=\u00a0\u00bb100&Prime; position_horizontal=\u00a0\u00bbleft\u00a0\u00bb gutter_size=\u00a0\u00bb3&Prime; override_padding=\u00a0\u00bbyes\u00a0\u00bb column_padding=\u00a0\u00bb5&Prime; overlay_alpha=\u00a0\u00bb100&Prime; shift_x=\u00a0\u00bb0&Prime; shift_y=\u00a0\u00bb0&Prime; z_index=\u00a0\u00bb0&Prime; medium_width=\u00a0\u00bb0&Prime; zoom_width=\u00a0\u00bb0&Prime; zoom_height=\u00a0\u00bb0&Prime; width=\u00a0\u00bb1\/3&Prime;][vc_column_text text_lead=\u00a0\u00bbyes\u00a0\u00bb uncode_shortcode_id=\u00a0\u00bb593306&Prime;]Email: <a href=\"mailto:contact@mantovaniandrea.com\">contact@mantovaniandrea.com<\/a><br \/>\nTel : +33 6 58 26 19 94[\/vc_column_text][uncode_socials][\/vc_column][vc_column column_width_percent=\u00a0\u00bb100&Prime; gutter_size=\u00a0\u00bb3&Prime; override_padding=\u00a0\u00bbyes\u00a0\u00bb column_padding=\u00a0\u00bb5&Prime; back_color=\u00a0\u00bbcolor-gyho\u00a0\u00bb overlay_alpha=\u00a0\u00bb50&Prime; shift_x=\u00a0\u00bb0&Prime; shift_y=\u00a0\u00bb0&Prime; medium_width=\u00a0\u00bb0&Prime; zoom_width=\u00a0\u00bb0&Prime; zoom_height=\u00a0\u00bb0&Prime; width=\u00a0\u00bb2\/3&Prime;][vc_custom_heading heading_semantic=\u00a0\u00bbh3&Prime; text_size=\u00a0\u00bbh3&Prime; sub_reduced=\u00a0\u00bbyes\u00a0\u00bb text_uppercase=\u00a0\u00bb\u00a0\u00bb uncode_shortcode_id=\u00a0\u00bb136290&Prime;]Formulaire de contact[\/vc_custom_heading]\n<div class=\"wpcf7 no-js\" id=\"wpcf7-f8-o1\" lang=\"fr-FR\" dir=\"ltr\" data-wpcf7-id=\"8\">\n<div class=\"screen-reader-response\"><p role=\"status\" aria-live=\"polite\" aria-atomic=\"true\"><\/p> <ul><\/ul><\/div>\n<form action=\"\/Mantovanyao\/wp-json\/wp\/v2\/pages\/868#wpcf7-f8-o1\" method=\"post\" class=\"wpcf7-form init\" aria-label=\"Formulaire de contact\" novalidate=\"novalidate\" data-status=\"init\">\n<div style=\"display: none;\">\n<input type=\"hidden\" name=\"_wpcf7\" value=\"8\" \/>\n<input type=\"hidden\" name=\"_wpcf7_version\" value=\"6.0.4\" \/>\n<input type=\"hidden\" name=\"_wpcf7_locale\" value=\"fr_FR\" \/>\n<input type=\"hidden\" name=\"_wpcf7_unit_tag\" value=\"wpcf7-f8-o1\" \/>\n<input type=\"hidden\" name=\"_wpcf7_container_post\" value=\"0\" \/>\n<input type=\"hidden\" name=\"_wpcf7_posted_data_hash\" value=\"\" \/>\n<\/div>\n<p><label> Votre nom<br \/>\n<span class=\"wpcf7-form-control-wrap\" data-name=\"your-name\"><input size=\"40\" maxlength=\"400\" class=\"wpcf7-form-control wpcf7-text wpcf7-validates-as-required\" autocomplete=\"name\" aria-required=\"true\" aria-invalid=\"false\" value=\"\" type=\"text\" name=\"your-name\" \/><\/span> <\/label>\n<\/p>\n<p><label> Votre e-mail<br \/>\n<span class=\"wpcf7-form-control-wrap\" data-name=\"your-email\"><input size=\"40\" maxlength=\"400\" class=\"wpcf7-form-control wpcf7-email wpcf7-validates-as-required wpcf7-text wpcf7-validates-as-email\" autocomplete=\"email\" aria-required=\"true\" aria-invalid=\"false\" value=\"\" type=\"email\" name=\"your-email\" \/><\/span> <\/label>\n<\/p>\n<p><label> Objet<br \/>\n<span class=\"wpcf7-form-control-wrap\" data-name=\"your-subject\"><input size=\"40\" maxlength=\"400\" class=\"wpcf7-form-control wpcf7-text wpcf7-validates-as-required\" aria-required=\"true\" aria-invalid=\"false\" value=\"\" type=\"text\" name=\"your-subject\" \/><\/span> <\/label>\n<\/p>\n<p><label> Votre message<br \/>\n<span class=\"wpcf7-form-control-wrap\" data-name=\"your-message\"><textarea cols=\"40\" rows=\"10\" maxlength=\"2000\" class=\"wpcf7-form-control wpcf7-textarea\" aria-invalid=\"false\" name=\"your-message\"><\/textarea><\/span> <\/label>\n<\/p>\n<p><input class=\"wpcf7-form-control wpcf7-submit has-spinner\" type=\"submit\" value=\"Envoyer\" \/>\n<\/p><div class=\"wpcf7-response-output\" aria-hidden=\"true\"><\/div>\n<\/form>\n<\/div>\n[\/vc_column][\/vc_row]<\/p>\n<\/div>","protected":false},"excerpt":{"rendered":"<p>[vc_row row_height_percent=\u00a0\u00bb0&Prime; override_padding=\u00a0\u00bbyes\u00a0\u00bb h_padding=\u00a0\u00bb2&Prime; top_padding=\u00a0\u00bb3&Prime; bottom_padding=\u00a0\u00bb2&Prime; back_color=\u00a0\u00bbcolor-xsdn\u00a0\u00bb overlay_alpha=\u00a0\u00bb50&Prime; gutter_size=\u00a0\u00bb4&Prime; column_width_percent=\u00a0\u00bb100&Prime; shift_y=\u00a0\u00bb0&Prime; z_index=\u00a0\u00bb0&Prime; content_parallax=\u00a0\u00bb0&Prime; uncode_shortcode_id=\u00a0\u00bb568387&Prime; back_color_type=\u00a0\u00bbuncode-palette\u00a0\u00bb][vc_column column_width_percent=\u00a0\u00bb100&Prime; gutter_size=\u00a0\u00bb4&Prime; overlay_alpha=\u00a0\u00bb50&Prime; shift_x=\u00a0\u00bb0&Prime; shift_y=\u00a0\u00bb0&Prime; [&hellip;]<\/p>\n","protected":false},"author":1,"featured_media":0,"parent":0,"menu_order":0,"comment_status":"closed","ping_status":"closed","template":"","meta":{"footnotes":""},"class_list":["post-868","page","type-page","status-publish","hentry"],"_links":{"self":[{"href":"https:\/\/www.lelapin.com\/Mantovanyao\/wp-json\/wp\/v2\/pages\/868","targetHints":{"allow":["GET"]}}],"collection":[{"href":"https:\/\/www.lelapin.com\/Mantovanyao\/wp-json\/wp\/v2\/pages"}],"about":[{"href":"https:\/\/www.lelapin.com\/Mantovanyao\/wp-json\/wp\/v2\/types\/page"}],"author":[{"embeddable":true,"href":"https:\/\/www.lelapin.com\/Mantovanyao\/wp-json\/wp\/v2\/users\/1"}],"replies":[{"embeddable":true,"href":"https:\/\/www.lelapin.com\/Mantovanyao\/wp-json\/wp\/v2\/comments?post=868"}],"version-history":[{"count":75,"href":"https:\/\/www.lelapin.com\/Mantovanyao\/wp-json\/wp\/v2\/pages\/868\/revisions"}],"predecessor-version":[{"id":2230,"href":"https:\/\/www.lelapin.com\/Mantovanyao\/wp-json\/wp\/v2\/pages\/868\/revisions\/2230"}],"wp:attachment":[{"href":"https:\/\/www.lelapin.com\/Mantovanyao\/wp-json\/wp\/v2\/media?parent=868"}],"curies":[{"name":"wp","href":"https:\/\/api.w.org\/{rel}","templated":true}]}}